{"id":1081,"date":"2020-09-30T08:24:18","date_gmt":"2020-09-30T06:24:18","guid":{"rendered":"http:\/\/fridrichlawyers.sk\/our-services\/individual-and-collective-protection-of-fundamental-rights-and-freedoms\/"},"modified":"2020-10-13T09:56:36","modified_gmt":"2020-10-13T07:56:36","slug":"individual-and-collective-protection-of-fundamental-rights-and-freedoms","status":"publish","type":"page","link":"https:\/\/fridrichlawyers.sk\/en\/our-services\/individual-and-collective-protection-of-fundamental-rights-and-freedoms\/","title":{"rendered":"Individual and collective protection of fundamental rights and freedoms"},"content":{"rendered":"\t\t<div data-elementor-type=\"wp-page\" data-elementor-id=\"1081\" class=\"elementor elementor-1081 elementor-823\">\n\t\t\t\t\t\t<section class=\"elementor-section elementor-top-section elementor-element elementor-element-65f87d9 elementor-section-boxed elementor-section-height-default elementor-section-height-default elementor-invisible\" data-id=\"65f87d9\" data-element_type=\"section\" data-settings=\"{&quot;animation&quot;:&quot;fadeIn&quot;}\">\n\t\t\t\t\t\t<div class=\"elementor-container elementor-column-gap-default\">\n\t\t\t\t\t<div class=\"elementor-column elementor-col-50 elementor-top-column elementor-element elementor-element-78755ae\" data-id=\"78755ae\" data-element_type=\"column\">\n\t\t\t<div class=\"elementor-widget-wrap elementor-element-populated\">\n\t\t\t\t\t\t<div class=\"elementor-element elementor-element-6465086 elementor-widget elementor-widget-heading\" data-id=\"6465086\" data-element_type=\"widget\" data-widget_type=\"heading.default\">\n\t\t\t\t<div class=\"elementor-widget-container\">\n\t\t\t<h1 class=\"elementor-heading-title elementor-size-large\">Individual and collective protection of fundamental rights and freedoms<\/h1>\t\t<\/div>\n\t\t\t\t<\/div>\n\t\t\t\t<div class=\"elementor-element elementor-element-c39afa7 elementor-widget-divider--view-line elementor-widget elementor-widget-divider\" data-id=\"c39afa7\" data-element_type=\"widget\" data-widget_type=\"divider.default\">\n\t\t\t\t<div class=\"elementor-widget-container\">\n\t\t\t\t\t<div class=\"elementor-divider\">\n\t\t\t<span class=\"elementor-divider-separator\">\n\t\t\t\t\t\t<\/span>\n\t\t<\/div>\n\t\t\t\t<\/div>\n\t\t\t\t<\/div>\n\t\t\t\t<div class=\"elementor-element elementor-element-fb51cb5 elementor-invisible elementor-widget elementor-widget-image\" data-id=\"fb51cb5\" data-element_type=\"widget\" data-settings=\"{&quot;_animation&quot;:&quot;fadeInUp&quot;,&quot;_animation_delay&quot;:250}\" data-widget_type=\"image.default\">\n\t\t\t\t<div class=\"elementor-widget-container\">\n\t\t\t\t\t\t\t\t\t\t\t\t\t<img decoding=\"async\" width=\"100\" height=\"100\" src=\"https:\/\/fridrichlawyers.sk\/wp-content\/uploads\/2020\/08\/ikona-rodina.png\" class=\"attachment-full size-full wp-image-750\" alt=\"\" \/>\t\t\t\t\t\t\t\t\t\t\t\t\t<\/div>\n\t\t\t\t<\/div>\n\t\t\t\t\t<\/div>\n\t\t<\/div>\n\t\t\t\t<div class=\"elementor-column elementor-col-50 elementor-top-column elementor-element elementor-element-ade62c6\" data-id=\"ade62c6\" data-element_type=\"column\">\n\t\t\t<div class=\"elementor-widget-wrap elementor-element-populated\">\n\t\t\t\t\t\t<div class=\"elementor-element elementor-element-89ea522 elementor-widget elementor-widget-text-editor\" data-id=\"89ea522\" data-element_type=\"widget\" data-widget_type=\"text-editor.default\">\n\t\t\t\t<div class=\"elementor-widget-container\">\n\t\t\t\t\t\t\t<p><span class=\"tlid-translation translation\" lang=\"en\"><span title=\"\">We protect natural and legal persons from illegal interference by state power, adopted legislation and decisions of state bodies and self-government bodies.<\/span> <span class=\"\" title=\"\">We have extensive experience in representing people and companies before the Constitutional Court of the Slovak Republic, the European Court of Human Rights in Strasbourg, the Court of Justice of the European Union in Luxembourg and the UN Human Rights Committee.<\/span> <span class=\"\" title=\"\">We deal with individual cases, but also mass cases of hundreds of repeated violations.<\/span> <span class=\"\" title=\"\">Mass data processing and the related agenda do not cause us any problems.<\/span> <span class=\"\" title=\"\">During the processes, we cooperate with experienced experts, expert institutes and professional authorities.<\/span><\/span><\/p>\n\t\t\t\t\t\t<\/div>\n\t\t\t\t<\/div>\n\t\t\t\t\t<\/div>\n\t\t<\/div>\n\t\t\t\t\t<\/div>\n\t\t<\/section>\n\t\t\t\t<section class=\"elementor-section elementor-top-section elementor-element elementor-element-54bfa69 elementor-section-boxed elementor-section-height-default elementor-section-height-default\" data-id=\"54bfa69\" data-element_type=\"section\">\n\t\t\t\t\t\t<div class=\"elementor-container elementor-column-gap-default\">\n\t\t\t\t\t<div class=\"elementor-column elementor-col-100 elementor-top-column elementor-element elementor-element-22b0739\" data-id=\"22b0739\" data-element_type=\"column\">\n\t\t\t<div class=\"elementor-widget-wrap elementor-element-populated\">\n\t\t\t\t\t\t<div class=\"elementor-element elementor-element-db47ef1 elementor-invisible elementor-widget elementor-widget-text-editor\" data-id=\"db47ef1\" data-element_type=\"widget\" data-settings=\"{&quot;_animation&quot;:&quot;fadeIn&quot;}\" data-widget_type=\"text-editor.default\">\n\t\t\t\t<div class=\"elementor-widget-container\">\n\t\t\t\t\t\t\t<h2>Contact us<\/h2>\n\t\t\t\t\t\t<\/div>\n\t\t\t\t<\/div>\n\t\t\t\t<div class=\"elementor-element elementor-element-73d5804 elementor-widget-divider--view-line elementor-widget elementor-widget-divider\" data-id=\"73d5804\" data-element_type=\"widget\" data-widget_type=\"divider.default\">\n\t\t\t\t<div class=\"elementor-widget-container\">\n\t\t\t\t\t<div class=\"elementor-divider\">\n\t\t\t<span class=\"elementor-divider-separator\">\n\t\t\t\t\t\t<\/span>\n\t\t<\/div>\n\t\t\t\t<\/div>\n\t\t\t\t<\/div>\n\t\t\t\t<div class=\"elementor-element elementor-element-23d59e3 text-left elementor-invisible elementor-widget elementor-widget-text-editor\" data-id=\"23d59e3\" data-element_type=\"widget\" data-settings=\"{&quot;_animation&quot;:&quot;fadeIn&quot;}\" data-widget_type=\"text-editor.default\">\n\t\t\t\t<div class=\"elementor-widget-container\">\n\t\t\t\t\t\t\t<div class=\"wp-block-column\">\n<p class=\"has-text-align-center\">In the shortest possible time, a team of experts will work for you, which places particular emphasis on protecting the rights and interests of its clients.<\/p>\n<\/div>\n\t\t\t\t\t\t<\/div>\n\t\t\t\t<\/div>\n\t\t\t\t<div class=\"elementor-element elementor-element-d25ec39 wpcf7-page elementor-invisible elementor-widget elementor-widget-shortcode\" data-id=\"d25ec39\" data-element_type=\"widget\" data-settings=\"{&quot;_animation&quot;:&quot;fadeIn&quot;,&quot;_animation_delay&quot;:1000}\" data-widget_type=\"shortcode.default\">\n\t\t\t\t<div class=\"elementor-widget-container\">\n\t\t\t\t\t<div class=\"elementor-shortcode\">\n<div class=\"wpcf7 no-js\" id=\"wpcf7-f1130-o1\" lang=\"en-US\" dir=\"ltr\" data-wpcf7-id=\"1130\">\n<div class=\"screen-reader-response\"><p role=\"status\" aria-live=\"polite\" aria-atomic=\"true\"><\/p> <ul><\/ul><\/div>\n<form action=\"\/en\/wp-json\/wp\/v2\/pages\/1081#wpcf7-f1130-o1\" method=\"post\" class=\"wpcf7-form init\" aria-label=\"Contact form\" novalidate=\"novalidate\" data-status=\"init\">\n<div style=\"display: none;\">\n<input type=\"hidden\" name=\"_wpcf7\" value=\"1130\" \/>\n<input type=\"hidden\" name=\"_wpcf7_version\" value=\"6.0.1\" \/>\n<input type=\"hidden\" name=\"_wpcf7_locale\" value=\"en_US\" \/>\n<input type=\"hidden\" name=\"_wpcf7_unit_tag\" value=\"wpcf7-f1130-o1\" \/>\n<input type=\"hidden\" name=\"_wpcf7_container_post\" value=\"0\" \/>\n<input type=\"hidden\" name=\"_wpcf7_posted_data_hash\" value=\"\" \/>\n<input type=\"hidden\" name=\"_wpcf7_recaptcha_response\" value=\"\" \/>\n<\/div>\n<div class=\"container\">\n\t<div class=\"row\">\n\t\t<div class=\"col-md-12 text-center\">\n\t\t\t<div class=\"row\">\n\t\t\t\t<div class=\"col-md-6 col-sm-6 col-xs-12\">\n\t\t\t\t\t<p><label><span class=\"wpcf7-form-control-wrap\" data-name=\"your-name\"><input size=\"40\" maxlength=\"400\" class=\"wpcf7-form-control wpcf7-text wpcf7-validates-as-required\" aria-required=\"true\" aria-invalid=\"false\" value=\"Meno\" type=\"text\" name=\"your-name\" \/><\/span><\/label>\n\t\t\t\t\t<\/p>\n\t\t\t\t<\/div>\n\t\t\t\t<div class=\"col-md-6 col-sm-6 col-xs-12\">\n\t\t\t\t\t<p><label><span class=\"wpcf7-form-control-wrap\" data-name=\"your-email\"><input size=\"40\" maxlength=\"400\" class=\"wpcf7-form-control wpcf7-email wpcf7-validates-as-required wpcf7-text wpcf7-validates-as-email\" aria-required=\"true\" aria-invalid=\"false\" value=\"Email\" type=\"email\" name=\"your-email\" \/><\/span><\/label>\n\t\t\t\t\t<\/p>\n\t\t\t\t<\/div>\n\t\t\t<\/div>\n\t\t\t<div class=\"row\">\n\t\t\t\t<div class=\"col-12\">\n\t\t\t\t\t<p><label> <span class=\"wpcf7-form-control-wrap\" data-name=\"your-subject\"><input size=\"40\" maxlength=\"400\" class=\"wpcf7-form-control wpcf7-text\" aria-invalid=\"false\" value=\"Predmet\" type=\"text\" name=\"your-subject\" \/><\/span> <\/label><br \/>\n<label><span class=\"wpcf7-form-control-wrap\" data-name=\"your-message\"><textarea cols=\"40\" rows=\"3\" maxlength=\"2000\" class=\"wpcf7-form-control wpcf7-textarea\" aria-invalid=\"false\" name=\"your-message\">Spr\u00e1va<\/textarea><\/span> <\/label><br \/>\n<input class=\"wpcf7-form-control wpcf7-submit has-spinner\" type=\"submit\" value=\"Odosla\u0165\" \/>\n\t\t\t\t\t<\/p>\n\t\t\t\t<\/div>\n\t\t\t<\/div>\n\t\t<\/div>\n\t<\/div>\n<\/div><p style=\"display: none !important;\" class=\"akismet-fields-container\" data-prefix=\"_wpcf7_ak_\"><label>&#916;<textarea name=\"_wpcf7_ak_hp_textarea\" cols=\"45\" rows=\"8\" maxlength=\"100\"><\/textarea><\/label><input type=\"hidden\" id=\"ak_js_1\" name=\"_wpcf7_ak_js\" value=\"166\"\/><script>document.getElementById( \"ak_js_1\" ).setAttribute( \"value\", ( new Date() ).getTime() );<\/script><\/p><div class=\"wpcf7-response-output\" aria-hidden=\"true\"><\/div>\n<\/form>\n<\/div>\n<\/div>\n\t\t\t\t<\/div>\n\t\t\t\t<\/div>\n\t\t\t\t\t<\/div>\n\t\t<\/div>\n\t\t\t\t\t<\/div>\n\t\t<\/section>\n\t\t\t\t<\/div>\n\t\t","protected":false},"excerpt":{"rendered":"<p>Individual and collective protection of fundamental rights and freedoms We protect natural and legal persons from illegal interference by state &hellip;<\/p>\n<p class=\"read-more\"> <a class=\"\" href=\"https:\/\/fridrichlawyers.sk\/en\/our-services\/individual-and-collective-protection-of-fundamental-rights-and-freedoms\/\"> <span class=\"screen-reader-text\">Individual and collective protection of fundamental rights and freedoms<\/span> Cel\u00fd \u010dl\u00e1nok \u00bb<\/a><\/p>\n","protected":false},"author":2,"featured_media":0,"parent":1079,"menu_order":0,"comment_status":"closed","ping_status":"closed","template":"","meta":{"_acf_changed":false,"footnotes":""},"class_list":["post-1081","page","type-page","status-publish","hentry"],"acf":[],"yoast_head":"<!-- This site is optimized with the Yoast SEO plugin v23.9 - https:\/\/yoast.com\/wordpress\/plugins\/seo\/ -->\n<title>Individual and collective protection of fundamental rights and freedoms | Fridrich Lawyers<\/title>\n<meta name=\"robots\" content=\"index, follow, max-snippet:-1, max-image-preview:large, max-video-preview:-1\" \/>\n<link rel=\"canonical\" href=\"https:\/\/fridrichlawyers.sk\/nase-sluzby\/individualna-a-hromadna-ochrana-zakladnych-prav-a-slobod\/\" \/>\n<meta property=\"og:locale\" content=\"en_US\" \/>\n<meta property=\"og:type\" content=\"article\" \/>\n<meta property=\"og:title\" content=\"Individual and collective protection of fundamental rights and freedoms | Fridrich Lawyers\" \/>\n<meta property=\"og:description\" content=\"Individual and collective protection of fundamental rights and freedoms We protect natural and legal persons from illegal interference by state &hellip; Individual and collective protection of fundamental rights and freedoms Cel\u00fd \u010dl\u00e1nok \u00bb\" \/>\n<meta property=\"og:url\" content=\"https:\/\/fridrichlawyers.sk\/nase-sluzby\/individualna-a-hromadna-ochrana-zakladnych-prav-a-slobod\/\" \/>\n<meta property=\"og:site_name\" content=\"Fridrich Lawyers\" \/>\n<meta property=\"article:modified_time\" content=\"2020-10-13T07:56:36+00:00\" \/>\n<meta property=\"og:image\" content=\"http:\/\/fridrichlawyers.sk\/wp-content\/uploads\/2020\/08\/ikona-rodina.png\" \/>\n<meta name=\"twitter:card\" content=\"summary_large_image\" \/>\n<meta name=\"twitter:label1\" content=\"Est. reading time\" \/>\n\t<meta name=\"twitter:data1\" content=\"1 minute\" \/>\n<script type=\"application\/ld+json\" class=\"yoast-schema-graph\">{\"@context\":\"https:\/\/schema.org\",\"@graph\":[{\"@type\":\"WebPage\",\"@id\":\"https:\/\/fridrichlawyers.sk\/nase-sluzby\/individualna-a-hromadna-ochrana-zakladnych-prav-a-slobod\/\",\"url\":\"https:\/\/fridrichlawyers.sk\/nase-sluzby\/individualna-a-hromadna-ochrana-zakladnych-prav-a-slobod\/\",\"name\":\"Individual and collective protection of fundamental rights and freedoms | Fridrich Lawyers\",\"isPartOf\":{\"@id\":\"https:\/\/fridrichlawyers.sk\/#website\"},\"primaryImageOfPage\":{\"@id\":\"https:\/\/fridrichlawyers.sk\/nase-sluzby\/individualna-a-hromadna-ochrana-zakladnych-prav-a-slobod\/#primaryimage\"},\"image\":{\"@id\":\"https:\/\/fridrichlawyers.sk\/nase-sluzby\/individualna-a-hromadna-ochrana-zakladnych-prav-a-slobod\/#primaryimage\"},\"thumbnailUrl\":\"http:\/\/fridrichlawyers.sk\/wp-content\/uploads\/2020\/08\/ikona-rodina.png\",\"datePublished\":\"2020-09-30T06:24:18+00:00\",\"dateModified\":\"2020-10-13T07:56:36+00:00\",\"breadcrumb\":{\"@id\":\"https:\/\/fridrichlawyers.sk\/nase-sluzby\/individualna-a-hromadna-ochrana-zakladnych-prav-a-slobod\/#breadcrumb\"},\"inLanguage\":\"en-US\",\"potentialAction\":[{\"@type\":\"ReadAction\",\"target\":[\"https:\/\/fridrichlawyers.sk\/nase-sluzby\/individualna-a-hromadna-ochrana-zakladnych-prav-a-slobod\/\"]}]},{\"@type\":\"ImageObject\",\"inLanguage\":\"en-US\",\"@id\":\"https:\/\/fridrichlawyers.sk\/nase-sluzby\/individualna-a-hromadna-ochrana-zakladnych-prav-a-slobod\/#primaryimage\",\"url\":\"http:\/\/fridrichlawyers.sk\/wp-content\/uploads\/2020\/08\/ikona-rodina.png\",\"contentUrl\":\"http:\/\/fridrichlawyers.sk\/wp-content\/uploads\/2020\/08\/ikona-rodina.png\"},{\"@type\":\"BreadcrumbList\",\"@id\":\"https:\/\/fridrichlawyers.sk\/nase-sluzby\/individualna-a-hromadna-ochrana-zakladnych-prav-a-slobod\/#breadcrumb\",\"itemListElement\":[{\"@type\":\"ListItem\",\"position\":1,\"name\":\"Home\",\"item\":\"https:\/\/fridrichlawyers.sk\/\"},{\"@type\":\"ListItem\",\"position\":2,\"name\":\"Our services\",\"item\":\"https:\/\/fridrichlawyers.sk\/nase-sluzby\/\"},{\"@type\":\"ListItem\",\"position\":3,\"name\":\"Individual and collective protection of fundamental rights and freedoms\"}]},{\"@type\":\"WebSite\",\"@id\":\"https:\/\/fridrichlawyers.sk\/#website\",\"url\":\"https:\/\/fridrichlawyers.sk\/\",\"name\":\"Fridrich Lawyers\",\"description\":\"Advok\u00e1tska kancel\u00e1ria\",\"publisher\":{\"@id\":\"https:\/\/fridrichlawyers.sk\/#organization\"},\"potentialAction\":[{\"@type\":\"SearchAction\",\"target\":{\"@type\":\"EntryPoint\",\"urlTemplate\":\"https:\/\/fridrichlawyers.sk\/?s={search_term_string}\"},\"query-input\":{\"@type\":\"PropertyValueSpecification\",\"valueRequired\":true,\"valueName\":\"search_term_string\"}}],\"inLanguage\":\"en-US\"},{\"@type\":\"Organization\",\"@id\":\"https:\/\/fridrichlawyers.sk\/#organization\",\"name\":\"Fridrich Lawyers, s.r.o.\",\"url\":\"https:\/\/fridrichlawyers.sk\/\",\"logo\":{\"@type\":\"ImageObject\",\"inLanguage\":\"en-US\",\"@id\":\"https:\/\/fridrichlawyers.sk\/#\/schema\/logo\/image\/\",\"url\":\"https:\/\/fridrichlawyers.sk\/wp-content\/uploads\/2020\/09\/logo_footer-e1601451885918.png\",\"contentUrl\":\"https:\/\/fridrichlawyers.sk\/wp-content\/uploads\/2020\/09\/logo_footer-e1601451885918.png\",\"width\":200,\"height\":95,\"caption\":\"Fridrich Lawyers, s.r.o.\"},\"image\":{\"@id\":\"https:\/\/fridrichlawyers.sk\/#\/schema\/logo\/image\/\"}}]}<\/script>\n<!-- \/ Yoast SEO plugin. -->","yoast_head_json":{"title":"Individual and collective protection of fundamental rights and freedoms | Fridrich Lawyers","robots":{"index":"index","follow":"follow","max-snippet":"max-snippet:-1","max-image-preview":"max-image-preview:large","max-video-preview":"max-video-preview:-1"},"canonical":"https:\/\/fridrichlawyers.sk\/nase-sluzby\/individualna-a-hromadna-ochrana-zakladnych-prav-a-slobod\/","og_locale":"en_US","og_type":"article","og_title":"Individual and collective protection of fundamental rights and freedoms | Fridrich Lawyers","og_description":"Individual and collective protection of fundamental rights and freedoms We protect natural and legal persons from illegal interference by state &hellip; Individual and collective protection of fundamental rights and freedoms Cel\u00fd \u010dl\u00e1nok \u00bb","og_url":"https:\/\/fridrichlawyers.sk\/nase-sluzby\/individualna-a-hromadna-ochrana-zakladnych-prav-a-slobod\/","og_site_name":"Fridrich Lawyers","article_modified_time":"2020-10-13T07:56:36+00:00","og_image":[{"url":"http:\/\/fridrichlawyers.sk\/wp-content\/uploads\/2020\/08\/ikona-rodina.png"}],"twitter_card":"summary_large_image","twitter_misc":{"Est. reading time":"1 minute"},"schema":{"@context":"https:\/\/schema.org","@graph":[{"@type":"WebPage","@id":"https:\/\/fridrichlawyers.sk\/nase-sluzby\/individualna-a-hromadna-ochrana-zakladnych-prav-a-slobod\/","url":"https:\/\/fridrichlawyers.sk\/nase-sluzby\/individualna-a-hromadna-ochrana-zakladnych-prav-a-slobod\/","name":"Individual and collective protection of fundamental rights and freedoms | Fridrich Lawyers","isPartOf":{"@id":"https:\/\/fridrichlawyers.sk\/#website"},"primaryImageOfPage":{"@id":"https:\/\/fridrichlawyers.sk\/nase-sluzby\/individualna-a-hromadna-ochrana-zakladnych-prav-a-slobod\/#primaryimage"},"image":{"@id":"https:\/\/fridrichlawyers.sk\/nase-sluzby\/individualna-a-hromadna-ochrana-zakladnych-prav-a-slobod\/#primaryimage"},"thumbnailUrl":"http:\/\/fridrichlawyers.sk\/wp-content\/uploads\/2020\/08\/ikona-rodina.png","datePublished":"2020-09-30T06:24:18+00:00","dateModified":"2020-10-13T07:56:36+00:00","breadcrumb":{"@id":"https:\/\/fridrichlawyers.sk\/nase-sluzby\/individualna-a-hromadna-ochrana-zakladnych-prav-a-slobod\/#breadcrumb"},"inLanguage":"en-US","potentialAction":[{"@type":"ReadAction","target":["https:\/\/fridrichlawyers.sk\/nase-sluzby\/individualna-a-hromadna-ochrana-zakladnych-prav-a-slobod\/"]}]},{"@type":"ImageObject","inLanguage":"en-US","@id":"https:\/\/fridrichlawyers.sk\/nase-sluzby\/individualna-a-hromadna-ochrana-zakladnych-prav-a-slobod\/#primaryimage","url":"http:\/\/fridrichlawyers.sk\/wp-content\/uploads\/2020\/08\/ikona-rodina.png","contentUrl":"http:\/\/fridrichlawyers.sk\/wp-content\/uploads\/2020\/08\/ikona-rodina.png"},{"@type":"BreadcrumbList","@id":"https:\/\/fridrichlawyers.sk\/nase-sluzby\/individualna-a-hromadna-ochrana-zakladnych-prav-a-slobod\/#breadcrumb","itemListElement":[{"@type":"ListItem","position":1,"name":"Home","item":"https:\/\/fridrichlawyers.sk\/"},{"@type":"ListItem","position":2,"name":"Our services","item":"https:\/\/fridrichlawyers.sk\/nase-sluzby\/"},{"@type":"ListItem","position":3,"name":"Individual and collective protection of fundamental rights and freedoms"}]},{"@type":"WebSite","@id":"https:\/\/fridrichlawyers.sk\/#website","url":"https:\/\/fridrichlawyers.sk\/","name":"Fridrich Lawyers","description":"Advok\u00e1tska kancel\u00e1ria","publisher":{"@id":"https:\/\/fridrichlawyers.sk\/#organization"},"potentialAction":[{"@type":"SearchAction","target":{"@type":"EntryPoint","urlTemplate":"https:\/\/fridrichlawyers.sk\/?s={search_term_string}"},"query-input":{"@type":"PropertyValueSpecification","valueRequired":true,"valueName":"search_term_string"}}],"inLanguage":"en-US"},{"@type":"Organization","@id":"https:\/\/fridrichlawyers.sk\/#organization","name":"Fridrich Lawyers, s.r.o.","url":"https:\/\/fridrichlawyers.sk\/","logo":{"@type":"ImageObject","inLanguage":"en-US","@id":"https:\/\/fridrichlawyers.sk\/#\/schema\/logo\/image\/","url":"https:\/\/fridrichlawyers.sk\/wp-content\/uploads\/2020\/09\/logo_footer-e1601451885918.png","contentUrl":"https:\/\/fridrichlawyers.sk\/wp-content\/uploads\/2020\/09\/logo_footer-e1601451885918.png","width":200,"height":95,"caption":"Fridrich Lawyers, s.r.o."},"image":{"@id":"https:\/\/fridrichlawyers.sk\/#\/schema\/logo\/image\/"}}]}},"_links":{"self":[{"href":"https:\/\/fridrichlawyers.sk\/en\/wp-json\/wp\/v2\/pages\/1081","targetHints":{"allow":["GET"]}}],"collection":[{"href":"https:\/\/fridrichlawyers.sk\/en\/wp-json\/wp\/v2\/pages"}],"about":[{"href":"https:\/\/fridrichlawyers.sk\/en\/wp-json\/wp\/v2\/types\/page"}],"author":[{"embeddable":true,"href":"https:\/\/fridrichlawyers.sk\/en\/wp-json\/wp\/v2\/users\/2"}],"replies":[{"embeddable":true,"href":"https:\/\/fridrichlawyers.sk\/en\/wp-json\/wp\/v2\/comments?post=1081"}],"version-history":[{"count":2,"href":"https:\/\/fridrichlawyers.sk\/en\/wp-json\/wp\/v2\/pages\/1081\/revisions"}],"predecessor-version":[{"id":1273,"href":"https:\/\/fridrichlawyers.sk\/en\/wp-json\/wp\/v2\/pages\/1081\/revisions\/1273"}],"up":[{"embeddable":true,"href":"https:\/\/fridrichlawyers.sk\/en\/wp-json\/wp\/v2\/pages\/1079"}],"wp:attachment":[{"href":"https:\/\/fridrichlawyers.sk\/en\/wp-json\/wp\/v2\/media?parent=1081"}],"curies":[{"name":"wp","href":"https:\/\/api.w.org\/{rel}","templated":true}]}}